{"id":717,"date":"2022-02-20T08:28:45","date_gmt":"2022-02-20T08:28:45","guid":{"rendered":"https:\/\/startersites.io\/stagingthree\/?page_id=717"},"modified":"2026-03-16T14:14:24","modified_gmt":"2026-03-16T14:14:24","slug":"proyectos","status":"publish","type":"page","link":"https:\/\/cej.org.mx\/webnueva\/proyectos\/","title":{"rendered":"Proyectos"},"content":{"rendered":"\n<div class=\"wp-block-cover alignfull wp-duotone-unset-1\" style=\"margin-top:0;padding-top:48px;padding-right:37px;padding-bottom:48px;padding-left:37px;min-height:66vh;aspect-ratio:unset;\"><img loading=\"lazy\" decoding=\"async\" width=\"768\" height=\"1024\" class=\"wp-block-cover__image-background wp-image-1480 size-large\" alt=\"\" src=\"https:\/\/cej.org.mx\/wp-content\/uploads\/2025\/07\/Imagen-de-WhatsApp-2025-06-16-a-las-18.25.57_7bbba087-2-768x1024.jpg\" data-object-fit=\"cover\" srcset=\"https:\/\/cej.org.mx\/webnueva\/wp-content\/uploads\/2025\/07\/Imagen-de-WhatsApp-2025-06-16-a-las-18.25.57_7bbba087-2-768x1024.jpg 768w, https:\/\/cej.org.mx\/webnueva\/wp-content\/uploads\/2025\/07\/Imagen-de-WhatsApp-2025-06-16-a-las-18.25.57_7bbba087-2-225x300.jpg 225w, https:\/\/cej.org.mx\/webnueva\/wp-content\/uploads\/2025\/07\/Imagen-de-WhatsApp-2025-06-16-a-las-18.25.57_7bbba087-2.jpg 960w\" sizes=\"auto, (max-width: 768px) 100vw, 768px\" \/><span aria-hidden=\"true\" class=\"wp-block-cover__background has-palette-color-4-background-color has-background-dim-40 has-background-dim\"><\/span><div class=\"wp-block-cover__inner-container is-layout-flow wp-block-cover-is-layout-flow\">\n<div class=\"wp-block-group has-small-font-size is-content-justification-left is-layout-constrained wp-container-core-group-is-layout-e552b80b wp-block-group-is-layout-constrained\" style=\"padding-top:0;padding-right:var(--wp--preset--spacing--40);padding-bottom:0;padding-left:var(--wp--preset--spacing--40)\">\n<div class=\"wp-block-stackable-heading stk-block-heading stk-block-heading--v2 stk-block stk-16fccc6\" id=\"strong-proyectos-strong\" data-block-id=\"16fccc6\"><style>.stk-16fccc6 {border-style:solid !important;border-color:#ffffff !important;border-top-width:5px !important;border-right-width:5px !important;border-bottom-width:5px !important;border-left-width:5px !important;}.stk-16fccc6 .stk-block-heading__text{font-size:var(--stk--preset--font-size--xx-large, 80px) !important;}@media screen and (max-width:999px){.stk-16fccc6 .stk-block-heading__text{font-size:var(--stk--preset--font-size--xx-large, 80px) !important;}}@media screen and (max-width:689px){.stk-16fccc6 {border-top-width:5px !important;border-right-width:5px !important;border-bottom-width:5px !important;border-left-width:5px !important;}.stk-16fccc6 .stk-block-heading__text{font-size:var(--stk--preset--font-size--large, 30px) !important;}}<\/style><h2 class=\"stk-block-heading__text\"><strong>PROYECTOS<\/strong><\/h2><\/div>\n<\/div>\n\n\n\n<div style=\"height:72px\" aria-hidden=\"true\" class=\"wp-block-spacer\"><\/div>\n<\/div><\/div>\n\n\n\n<div class=\"wp-block-stackable-columns alignwide stk-block-columns stk-block stk-69426c1\" data-block-id=\"69426c1\"><style>.stk-69426c1 {border-style:solid !important;padding-top:0px !important;padding-bottom:0px !important;margin-bottom:0px !important;}.stk-69426c1-column{--stk-column-gap:var(--stk--preset--spacing--none, 0px) !important;}<\/style><div class=\"stk-row stk-inner-blocks stk-block-content stk-content-align stk-69426c1-column alignwide\">\n<div class=\"wp-block-stackable-column stk-block-column stk-column stk-block stk-903bfb2\" data-v=\"4\" data-block-id=\"903bfb2\"><div class=\"stk-column-wrapper stk-block-column__content stk-container stk-903bfb2-container stk--no-background stk--no-padding\"><div class=\"stk-block-content stk-inner-blocks stk-903bfb2-inner-blocks\">\n<hr class=\"is-style-wide wp-block-separator has-text-color has-palette-color-1-color has-alpha-channel-opacity has-palette-color-1-background-color has-background\"\/>\n\n\n\n<div class=\"wp-block-stackable-columns stk-block-columns stk-block stk-40a0c85\" data-block-id=\"40a0c85\"><div class=\"stk-row stk-inner-blocks stk-block-content stk-content-align stk-40a0c85-column\">\n<div class=\"wp-block-stackable-column stk-block-column stk-column stk-block stk-19711b7\" data-v=\"4\" data-block-id=\"19711b7\"><style>@media screen and (min-width:690px) and (max-width:999px){.stk-19711b7 {flex:var(--stk-flex-grow, 1) 1 calc(50% - var(--stk-column-gap, 0px) * 1 \/ 2 ) !important;}}<\/style><div class=\"stk-column-wrapper stk-block-column__content stk-container stk-19711b7-container stk--no-background stk--no-padding\"><div class=\"stk-block-content stk-inner-blocks stk-19711b7-inner-blocks\">\n<div class=\"is-style-default wp-block-stackable-card stk-block-card stk-block stk-cdfb890\" data-v=\"2\" data-block-id=\"cdfb890\"><div class=\"stk--no-padding stk-container stk-cdfb890-container stk-hover-parent\"><figure class=\"stk-block-card__image stk-img-wrapper stk-image--shape-stretch\"><img loading=\"lazy\" decoding=\"async\" class=\"stk-img wp-image-1306\" src=\"https:\/\/cej.org.mx\/wp-content\/uploads\/2025\/06\/Captura-de-Pantalla-2025-06-25-a-las-23.32.49.png\" width=\"1380\" height=\"732\" srcset=\"https:\/\/cej.org.mx\/webnueva\/wp-content\/uploads\/2025\/06\/Captura-de-Pantalla-2025-06-25-a-las-23.32.49.png 1380w, https:\/\/cej.org.mx\/webnueva\/wp-content\/uploads\/2025\/06\/Captura-de-Pantalla-2025-06-25-a-las-23.32.49-300x159.png 300w, https:\/\/cej.org.mx\/webnueva\/wp-content\/uploads\/2025\/06\/Captura-de-Pantalla-2025-06-25-a-las-23.32.49-1024x543.png 1024w, https:\/\/cej.org.mx\/webnueva\/wp-content\/uploads\/2025\/06\/Captura-de-Pantalla-2025-06-25-a-las-23.32.49-768x407.png 768w\" sizes=\"auto, (max-width: 1380px) 100vw, 1380px\" \/><\/figure><div class=\"stk-container-padding stk-block-card__content\"><div class=\"stk-block-content stk-inner-blocks stk-cdfb890-inner-blocks\">\n<div class=\"wp-block-stackable-heading stk-block-heading stk-block-heading--v2 stk-block stk-855255b\" id=\"green-action\" data-block-id=\"855255b\"><h3 class=\"stk-block-heading__text\">Green Action Week<\/h3><\/div>\n\n\n\n<div class=\"wp-block-stackable-text stk-block-text stk-block stk-749969e\" data-block-id=\"749969e\"><style>.stk-749969e {margin-bottom:15px !important;}<\/style><p class=\"stk-block-text__text\">La Semana de Acci\u00f3n Verde (GAW), re\u00fane a las comunidades -a nivel local y global- para practicar el Sharing Community como v\u00eda para el consumo sostenible. Desde hace m\u00e1s de una d\u00e9cada el CEJ participa cada octubre y noviembre en el dise\u00f1o y la creaci\u00f3n de actividades.<\/p><\/div>\n\n\n\n<div class=\"wp-block-stackable-button-group aligncenter stk-block-button-group stk-block stk-0c9e6b8\" data-block-id=\"0c9e6b8\"><div class=\"stk-row stk-inner-blocks stk-block-content stk-button-group\">\n<div class=\"wp-block-stackable-button stk-block-button stk-block stk-9a04a5c\" data-block-id=\"9a04a5c\"><a class=\"stk-link stk-button stk--hover-effect-darken\" href=\"https:\/\/cej.org.mx\/proyectos\/green-action-week\/\" target=\"_blank\" rel=\"https:\/\/cej.org.mx\/proyectos\/green-action-week\/ noreferrer noopener\"><span class=\"stk-button__inner-text\">Conocer m\u00e1s<\/span><\/a><\/div>\n<\/div><\/div>\n<\/div><\/div><\/div><\/div>\n<\/div><\/div><\/div>\n\n\n\n<div class=\"wp-block-stackable-column stk-block-column stk-column stk-block stk-6df855f\" data-v=\"4\" data-block-id=\"6df855f\"><style>@media screen and (min-width:690px) and (max-width:999px){.stk-6df855f {flex:var(--stk-flex-grow, 1) 1 calc(50% - var(--stk-column-gap, 0px) * 1 \/ 2 ) !important;}}<\/style><div class=\"stk-column-wrapper stk-block-column__content stk-container stk-6df855f-container stk--no-background stk--no-padding\"><div class=\"stk-block-content stk-inner-blocks stk-6df855f-inner-blocks\">\n<div class=\"is-style-default wp-block-stackable-card stk-block-card stk-block stk-2627ea6\" data-v=\"2\" data-block-id=\"2627ea6\"><div class=\"stk--no-padding stk-container stk-2627ea6-container stk-hover-parent\"><figure class=\"stk-block-card__image stk-img-wrapper stk-image--shape-stretch\"><img loading=\"lazy\" decoding=\"async\" class=\"stk-img wp-image-1309\" src=\"https:\/\/cej.org.mx\/wp-content\/uploads\/2025\/06\/PORTADA.jpg\" width=\"1600\" height=\"1200\" srcset=\"https:\/\/cej.org.mx\/webnueva\/wp-content\/uploads\/2025\/06\/PORTADA.jpg 1600w, https:\/\/cej.org.mx\/webnueva\/wp-content\/uploads\/2025\/06\/PORTADA-300x225.jpg 300w, https:\/\/cej.org.mx\/webnueva\/wp-content\/uploads\/2025\/06\/PORTADA-1024x768.jpg 1024w, https:\/\/cej.org.mx\/webnueva\/wp-content\/uploads\/2025\/06\/PORTADA-768x576.jpg 768w, https:\/\/cej.org.mx\/webnueva\/wp-content\/uploads\/2025\/06\/PORTADA-1536x1152.jpg 1536w\" sizes=\"auto, (max-width: 1600px) 100vw, 1600px\" \/><\/figure><div class=\"stk-container-padding stk-block-card__content\"><div class=\"stk-block-content stk-inner-blocks stk-2627ea6-inner-blocks\">\n<div class=\"wp-block-stackable-heading stk-block-heading stk-block-heading--v2 stk-block stk-44f8970\" id=\"reeducar-al-gigante-agroalimentario\" data-block-id=\"44f8970\"><h3 class=\"stk-block-heading__text\">Reeducar al Gigante Agroalimentario<\/h3><\/div>\n\n\n\n<div class=\"wp-block-stackable-text stk-block-text stk-block stk-479d10e\" data-block-id=\"479d10e\"><style>.stk-479d10e {margin-bottom:0px !important;}<\/style><p class=\"stk-block-text__text\">El proyecto Reeducar al Gigante Agroalimentario de Jalisco es una iniciativa multidisciplinaria dise\u00f1ada para transformar el modelo agroindustrial de Jalisco en uno m\u00e1s sostenible, inclusivo y resiliente al cambio clim\u00e1tico.<\/p><\/div>\n\n\n\n<div class=\"wp-block-stackable-button-group stk-block-button-group stk-block stk-29222fd\" data-block-id=\"29222fd\"><style>.stk-29222fd {top:17px !important;}<\/style><div class=\"stk-row stk-inner-blocks stk-block-content stk-button-group\">\n<div class=\"wp-block-stackable-button stk-block-button stk-block stk-7681e5d\" data-block-id=\"7681e5d\"><a class=\"stk-link stk-button stk--hover-effect-darken\" href=\"https:\/\/cej.org.mx\/reeducar-gigante-agroalimentario\/\" title=\"https:\/\/cej.org.mx\/proyectos\/plasticos-etiquetas-y-metano\/\" rel=\"https:\/\/cej.org.mx\/reeducar-gigante-agroalimentario\/\"><span class=\"stk-button__inner-text\">Conocer m\u00e1s<\/span><\/a><\/div>\n<\/div><\/div>\n<\/div><\/div><\/div><\/div>\n<\/div><\/div><\/div>\n\n\n\n<div class=\"wp-block-stackable-column stk-block-column stk-column stk-block stk-76bfc91\" data-v=\"4\" data-block-id=\"76bfc91\"><style>@media screen and (min-width:690px) and (max-width:999px){.stk-76bfc91 {flex:var(--stk-flex-grow, 1) 1 calc(100% - var(--stk-column-gap, 0px) * 0 \/ 1 ) !important;}}<\/style><div class=\"stk-column-wrapper stk-block-column__content stk-container stk-76bfc91-container stk--no-background stk--no-padding\"><div class=\"stk-block-content stk-inner-blocks stk-76bfc91-inner-blocks\">\n<div class=\"is-style-default wp-block-stackable-card stk-block-card stk-block stk-295c105\" data-v=\"2\" data-block-id=\"295c105\"><div class=\"stk--no-padding stk-container stk-295c105-container stk-hover-parent\"><figure class=\"stk-block-card__image stk-img-wrapper stk-image--shape-stretch\"><img loading=\"lazy\" decoding=\"async\" class=\"stk-img wp-image-1310\" src=\"https:\/\/cej.org.mx\/wp-content\/uploads\/2025\/06\/1732919085186-scaled.jpeg\" width=\"2560\" height=\"1707\" srcset=\"https:\/\/cej.org.mx\/webnueva\/wp-content\/uploads\/2025\/06\/1732919085186-scaled.jpeg 2560w, https:\/\/cej.org.mx\/webnueva\/wp-content\/uploads\/2025\/06\/1732919085186-300x200.jpeg 300w, https:\/\/cej.org.mx\/webnueva\/wp-content\/uploads\/2025\/06\/1732919085186-1024x683.jpeg 1024w, https:\/\/cej.org.mx\/webnueva\/wp-content\/uploads\/2025\/06\/1732919085186-768x512.jpeg 768w, https:\/\/cej.org.mx\/webnueva\/wp-content\/uploads\/2025\/06\/1732919085186-1536x1024.jpeg 1536w\" sizes=\"auto, (max-width: 2560px) 100vw, 2560px\" \/><\/figure><div class=\"stk-container-padding stk-block-card__content\"><div class=\"stk-block-content stk-inner-blocks stk-295c105-inner-blocks\">\n<div class=\"wp-block-stackable-heading stk-block-heading stk-block-heading--v2 stk-block stk-b3b0241\" id=\"plasticos-etique\" data-block-id=\"b3b0241\"><style>.stk-b3b0241 {margin-bottom:14px !important;}<\/style><h3 class=\"stk-block-heading__text\">Pl\u00e1sticos, Etiquetas y Metano<\/h3><\/div>\n\n\n\n<div class=\"wp-block-stackable-text stk-block-text stk-block stk-b58b026\" data-block-id=\"b58b026\"><style>.stk-b58b026 {margin-bottom:0px !important;}<\/style><p class=\"stk-block-text__text\">El problema de los pl\u00e1sticos debe que ser abordado de una forma sist\u00e9mica, desde sus distintas dimensiones de contaminaci\u00f3n en todo su ciclo de vida, investigando y generando informaci\u00f3n para la acci\u00f3n con auditor\u00edas de etiquetas.<\/p><\/div>\n\n\n\n<div class=\"wp-block-stackable-spacer stk-block-spacer stk--no-padding stk-block stk-67a3707\" data-block-id=\"67a3707\"><style>.stk-67a3707 {height:0px !important;}<\/style><\/div>\n\n\n\n<div class=\"wp-block-stackable-button-group stk-block-button-group stk-block stk-1ea6940\" data-block-id=\"1ea6940\"><div class=\"stk-row stk-inner-blocks stk-block-content stk-button-group\">\n<div class=\"wp-block-stackable-button stk-block-button stk-block stk-a82afe8\" data-block-id=\"a82afe8\"><a class=\"stk-link stk-button stk--hover-effect-darken\" href=\"https:\/\/cej.org.mx\/proyectos\/plasticos-etiquetas-y-metano\/\"><span class=\"stk-button__inner-text\">Conocer m\u00e1s<\/span><\/a><\/div>\n<\/div><\/div>\n<\/div><\/div><\/div><\/div>\n<\/div><\/div><\/div>\n<\/div><\/div>\n<\/div><\/div><\/div>\n<\/div><\/div>\n\n\n\n<div class=\"wp-block-stackable-columns alignwide stk-block-columns stk-block stk-d637dfe\" data-block-id=\"d637dfe\"><div class=\"stk-row stk-inner-blocks stk-block-content stk-content-align stk-d637dfe-column alignwide\">\n<div class=\"wp-block-stackable-column stk-block-column stk-column stk-block stk-1573caa\" data-v=\"4\" data-block-id=\"1573caa\"><style>@media screen and (min-width:690px) and (max-width:999px){.stk-1573caa {flex:var(--stk-flex-grow, 1) 1 calc(50% - var(--stk-column-gap, 0px) * 1 \/ 2 ) !important;}}<\/style><div class=\"stk-column-wrapper stk-block-column__content stk-container stk-1573caa-container stk--no-background stk--no-padding\"><div class=\"stk-block-content stk-inner-blocks stk-1573caa-inner-blocks\">\n<div class=\"is-style-default wp-block-stackable-card stk-block-card stk-block stk-a1cc70b\" data-v=\"2\" data-block-id=\"a1cc70b\"><style>.stk-a1cc70b .stk-block-card__image img{transform:scale(1.05) !important;object-position:46% 41% !important;}<\/style><div class=\"stk--no-padding stk-container stk-a1cc70b-container stk-hover-parent\"><figure class=\"stk-block-card__image stk-img-wrapper stk-image--shape-stretch\"><img loading=\"lazy\" decoding=\"async\" class=\"stk-img wp-image-1311\" src=\"https:\/\/cej.org.mx\/wp-content\/uploads\/2025\/06\/PORTADA-1.jpg\" width=\"605\" height=\"898\" srcset=\"https:\/\/cej.org.mx\/webnueva\/wp-content\/uploads\/2025\/06\/PORTADA-1.jpg 605w, https:\/\/cej.org.mx\/webnueva\/wp-content\/uploads\/2025\/06\/PORTADA-1-202x300.jpg 202w\" sizes=\"auto, (max-width: 605px) 100vw, 605px\" \/><\/figure><div class=\"stk-container-padding stk-block-card__content\"><div class=\"stk-block-content stk-inner-blocks stk-a1cc70b-inner-blocks\">\n<div class=\"wp-block-stackable-heading stk-block-heading stk-block-heading--v2 stk-block stk-07d18af\" id=\"green-action\" data-block-id=\"07d18af\"><h3 class=\"stk-block-heading__text\">Aire de Calidad<\/h3><\/div>\n\n\n\n<div class=\"wp-block-stackable-text stk-block-text stk-block stk-5c5f784\" data-block-id=\"5c5f784\"><style>.stk-5c5f784 {margin-bottom:15px !important;}<\/style><p class=\"stk-block-text__text\">El aire de calidad es un derecho b\u00e1sico para todas y todos. A trav\u00e9s de la investigaci\u00f3n, la difusi\u00f3n y el involucramiento de diferentes actores buscamos gestionar pol\u00edticas p\u00fablicas en el \u00c1rea Metropolitana de Guadalajara, que nos garanticen el aire limpio en lugar de una gesti\u00f3n ben\u00e9vola de los contaminantes riesgos que la exposici\u00f3n constante a estos representa.<\/p><\/div>\n\n\n\n<div class=\"wp-block-stackable-button-group aligncenter stk-block-button-group stk-block stk-26ec7d9\" data-block-id=\"26ec7d9\"><div class=\"stk-row stk-inner-blocks stk-block-content stk-button-group\">\n<div class=\"wp-block-stackable-button stk-block-button stk-block stk-3a9642c\" data-block-id=\"3a9642c\"><a class=\"stk-link stk-button stk--hover-effect-darken\" href=\"https:\/\/cej.org.mx\/proyectos\/aire-de-calidad\/\" rel=\"https:\/\/cej.org.mx\/proyectos\/aire-de-calidad\/\"><span class=\"stk-button__inner-text\">Conocer m\u00e1s<\/span><\/a><\/div>\n<\/div><\/div>\n<\/div><\/div><\/div><\/div>\n<\/div><\/div><\/div>\n\n\n\n<div class=\"wp-block-stackable-column stk-block-column stk-column stk-block stk-4ea4925\" data-v=\"4\" data-block-id=\"4ea4925\"><style>@media screen and (min-width:690px) and (max-width:999px){.stk-4ea4925 {flex:var(--stk-flex-grow, 1) 1 calc(50% - var(--stk-column-gap, 0px) * 1 \/ 2 ) !important;}}<\/style><div class=\"stk-column-wrapper stk-block-column__content stk-container stk-4ea4925-container stk--no-background stk--no-padding\"><div class=\"stk-block-content stk-inner-blocks stk-4ea4925-inner-blocks\">\n<div class=\"is-style-default wp-block-stackable-card stk-block-card stk-block stk-9bbabf1\" data-v=\"2\" data-block-id=\"9bbabf1\"><div class=\"stk--no-padding stk-container stk-9bbabf1-container stk-hover-parent\"><figure class=\"stk-block-card__image stk-img-wrapper stk-image--shape-stretch\"><img loading=\"lazy\" decoding=\"async\" class=\"stk-img wp-image-1309\" src=\"https:\/\/cej.org.mx\/wp-content\/uploads\/2025\/06\/PORTADA.jpg\" width=\"1600\" height=\"1200\" srcset=\"https:\/\/cej.org.mx\/webnueva\/wp-content\/uploads\/2025\/06\/PORTADA.jpg 1600w, https:\/\/cej.org.mx\/webnueva\/wp-content\/uploads\/2025\/06\/PORTADA-300x225.jpg 300w, https:\/\/cej.org.mx\/webnueva\/wp-content\/uploads\/2025\/06\/PORTADA-1024x768.jpg 1024w, https:\/\/cej.org.mx\/webnueva\/wp-content\/uploads\/2025\/06\/PORTADA-768x576.jpg 768w, https:\/\/cej.org.mx\/webnueva\/wp-content\/uploads\/2025\/06\/PORTADA-1536x1152.jpg 1536w\" sizes=\"auto, (max-width: 1600px) 100vw, 1600px\" \/><\/figure><div class=\"stk-container-padding stk-block-card__content\"><div class=\"stk-block-content stk-inner-blocks stk-9bbabf1-inner-blocks\">\n<div class=\"wp-block-stackable-heading stk-block-heading stk-block-heading--v2 stk-block stk-860d5a4\" id=\"arboles-ciudadanos\" data-block-id=\"860d5a4\"><h3 class=\"stk-block-heading__text\">\u00c1rboles Ciudadanos<\/h3><\/div>\n\n\n\n<div class=\"wp-block-stackable-text stk-block-text stk-block stk-555e8ba\" data-block-id=\"555e8ba\"><style>.stk-555e8ba {margin-bottom:17px !important;}<\/style><p class=\"stk-block-text__text\">Buscamos reposicionar a los \u00e1rboles urbanos como elementos clave para la vida y la salud en nuestra ciudad; no son objetos inanimados que estorban o adornan. Trabajamos con ciudadanos y organizaciones afines, para fomentar una sociedad que los proteja y que valore los servicios ambientales que nos otorgan.<\/p><\/div>\n\n\n\n<div class=\"wp-block-stackable-button-group stk-block-button-group stk-block stk-25f1bc4\" data-block-id=\"25f1bc4\"><div class=\"stk-row stk-inner-blocks stk-block-content stk-button-group\">\n<div class=\"wp-block-stackable-button stk-block-button stk-block stk-2f961e1\" data-block-id=\"2f961e1\"><a class=\"stk-link stk-button stk--hover-effect-darken\" href=\"https:\/\/cej.org.mx\/proyectos\/arboles-ciudadanos\/\" target=\"_blank\" rel=\"https:\/\/cej.org.mx\/proyectos\/arboles-ciudadanos\/ noreferrer noopener\"><span class=\"stk-button__inner-text\">Conocer m\u00e1s<\/span><\/a><\/div>\n<\/div><\/div>\n<\/div><\/div><\/div><\/div>\n<\/div><\/div><\/div>\n\n\n\n<div class=\"wp-block-stackable-column stk-block-column stk-column stk-block stk-9dc7a43\" data-v=\"4\" data-block-id=\"9dc7a43\"><style>@media screen and (min-width:690px) and (max-width:999px){.stk-9dc7a43 {flex:var(--stk-flex-grow, 1) 1 calc(100% - var(--stk-column-gap, 0px) * 0 \/ 1 ) !important;}}<\/style><div class=\"stk-column-wrapper stk-block-column__content stk-container stk-9dc7a43-container stk--no-background stk--no-padding\"><div class=\"stk-block-content stk-inner-blocks stk-9dc7a43-inner-blocks\">\n<div class=\"is-style-default wp-block-stackable-card stk-block-card stk-block stk-8590217\" data-v=\"2\" data-block-id=\"8590217\"><div class=\"stk--no-padding stk-container stk-8590217-container stk-hover-parent\"><figure class=\"stk-block-card__image stk-img-wrapper stk-image--shape-stretch\"><img loading=\"lazy\" decoding=\"async\" class=\"stk-img wp-image-1310\" src=\"https:\/\/cej.org.mx\/wp-content\/uploads\/2025\/06\/1732919085186-scaled.jpeg\" width=\"2560\" height=\"1707\" srcset=\"https:\/\/cej.org.mx\/webnueva\/wp-content\/uploads\/2025\/06\/1732919085186-scaled.jpeg 2560w, https:\/\/cej.org.mx\/webnueva\/wp-content\/uploads\/2025\/06\/1732919085186-300x200.jpeg 300w, https:\/\/cej.org.mx\/webnueva\/wp-content\/uploads\/2025\/06\/1732919085186-1024x683.jpeg 1024w, https:\/\/cej.org.mx\/webnueva\/wp-content\/uploads\/2025\/06\/1732919085186-768x512.jpeg 768w, https:\/\/cej.org.mx\/webnueva\/wp-content\/uploads\/2025\/06\/1732919085186-1536x1024.jpeg 1536w\" sizes=\"auto, (max-width: 2560px) 100vw, 2560px\" \/><\/figure><div class=\"stk-container-padding stk-block-card__content\"><div class=\"stk-block-content stk-inner-blocks stk-8590217-inner-blocks\">\n<div class=\"wp-block-stackable-heading stk-block-heading stk-block-heading--v2 stk-block stk-c7828ef\" id=\"plasticos-etique\" data-block-id=\"c7828ef\"><style>.stk-c7828ef {margin-bottom:15px !important;}<\/style><h3 class=\"stk-block-heading__text\">Red Catarina Clim\u00e1tica de Jalisco<\/h3><\/div>\n\n\n\n<div class=\"wp-block-stackable-text stk-block-text stk-block stk-3e32629\" data-block-id=\"3e32629\"><style>.stk-3e32629 {margin-bottom:0px !important;}<\/style><p class=\"stk-block-text__text\">En la Red Catarina trabajamos una agenda robusta y t\u00e9cnica, acompa\u00f1ado de expertos, siempre en aprendizaje constante.<\/p><\/div>\n\n\n\n<div class=\"wp-block-stackable-spacer stk-block-spacer stk--no-padding stk-block stk-d195698\" data-block-id=\"d195698\"><style>.stk-d195698 {height:100px !important;}<\/style><\/div>\n\n\n\n<div class=\"wp-block-stackable-button-group stk-block-button-group stk-block stk-b6463bc\" data-block-id=\"b6463bc\"><div class=\"stk-row stk-inner-blocks stk-block-content stk-button-group\">\n<div class=\"wp-block-stackable-button stk-block-button stk-block stk-86e1f3c\" data-block-id=\"86e1f3c\"><a class=\"stk-link stk-button stk--hover-effect-darken\" href=\"https:\/\/cej.org.mx\/proyectos\/rccj\/\" rel=\"https:\/\/cej.org.mx\/proyectos\/rccj\/\"><span class=\"stk-button__inner-text\">Conocer m\u00e1s<\/span><\/a><\/div>\n<\/div><\/div>\n<\/div><\/div><\/div><\/div>\n<\/div><\/div><\/div>\n<\/div><\/div>\n","protected":false},"excerpt":{"rendered":"<p>Green Action Week La Semana de Acci\u00f3n Verde (GAW), re\u00fane a las comunidades -a nivel local y global- para practicar el Sharing Community como v\u00eda para el consumo sostenible. Desde hace m\u00e1s de una d\u00e9cada el CEJ participa cada octubre y noviembre en el dise\u00f1o y la creaci\u00f3n de actividades. Conocer m\u00e1s Reeducar al Gigante [&hellip;]<\/p>\n","protected":false},"author":1,"featured_media":0,"parent":0,"menu_order":0,"comment_status":"closed","ping_status":"closed","template":"","meta":{"nf_dc_page":"","footnotes":""},"class_list":["post-717","page","type-page","status-publish","hentry"],"blocksy_meta":{"styles_descriptor":{"styles":{"desktop":"","tablet":"","mobile":""},"google_fonts":[],"version":6}},"_links":{"self":[{"href":"https:\/\/cej.org.mx\/webnueva\/wp-json\/wp\/v2\/pages\/717","targetHints":{"allow":["GET"]}}],"collection":[{"href":"https:\/\/cej.org.mx\/webnueva\/wp-json\/wp\/v2\/pages"}],"about":[{"href":"https:\/\/cej.org.mx\/webnueva\/wp-json\/wp\/v2\/types\/page"}],"author":[{"embeddable":true,"href":"https:\/\/cej.org.mx\/webnueva\/wp-json\/wp\/v2\/users\/1"}],"replies":[{"embeddable":true,"href":"https:\/\/cej.org.mx\/webnueva\/wp-json\/wp\/v2\/comments?post=717"}],"version-history":[{"count":20,"href":"https:\/\/cej.org.mx\/webnueva\/wp-json\/wp\/v2\/pages\/717\/revisions"}],"predecessor-version":[{"id":2111,"href":"https:\/\/cej.org.mx\/webnueva\/wp-json\/wp\/v2\/pages\/717\/revisions\/2111"}],"wp:attachment":[{"href":"https:\/\/cej.org.mx\/webnueva\/wp-json\/wp\/v2\/media?parent=717"}],"curies":[{"name":"wp","href":"https:\/\/api.w.org\/{rel}","templated":true}]}}