{"id":1366,"date":"2025-06-30T18:19:50","date_gmt":"2025-06-30T18:19:50","guid":{"rendered":"https:\/\/cej.org.mx\/webnueva\/?page_id=1366"},"modified":"2026-02-13T01:57:01","modified_gmt":"2026-02-13T01:57:01","slug":"arboles-ciudadanos","status":"publish","type":"page","link":"https:\/\/cej.org.mx\/webnueva\/proyectos\/arboles-ciudadanos\/","title":{"rendered":"\u00c1rboles Ciudadanos"},"content":{"rendered":"\n<div class=\"wp-block-cover alignfull has-aspect-ratio\" style=\"min-height:935px;aspect-ratio:auto;min-height:unset;\"><img loading=\"lazy\" decoding=\"async\" width=\"2560\" height=\"1706\" class=\"wp-block-cover__image-background wp-image-1729 size-full\" alt=\"\" src=\"https:\/\/cej.org.mx\/wp-content\/uploads\/2025\/07\/Portada-arboles-scaled.jpg\" data-object-fit=\"cover\" srcset=\"https:\/\/cej.org.mx\/webnueva\/wp-content\/uploads\/2025\/07\/Portada-arboles-scaled.jpg 2560w, https:\/\/cej.org.mx\/webnueva\/wp-content\/uploads\/2025\/07\/Portada-arboles-300x200.jpg 300w, https:\/\/cej.org.mx\/webnueva\/wp-content\/uploads\/2025\/07\/Portada-arboles-1024x682.jpg 1024w, https:\/\/cej.org.mx\/webnueva\/wp-content\/uploads\/2025\/07\/Portada-arboles-768x512.jpg 768w, https:\/\/cej.org.mx\/webnueva\/wp-content\/uploads\/2025\/07\/Portada-arboles-1536x1024.jpg 1536w, https:\/\/cej.org.mx\/webnueva\/wp-content\/uploads\/2025\/07\/Portada-arboles-2048x1365.jpg 2048w\" sizes=\"auto, (max-width: 2560px) 100vw, 2560px\" \/><span aria-hidden=\"true\" class=\"wp-block-cover__background has-palette-color-4-background-color has-background-dim\"><\/span><div class=\"wp-block-cover__inner-container is-layout-flow wp-block-cover-is-layout-flow\">\n<div class=\"wp-block-group is-layout-constrained wp-container-core-group-is-layout-bdbfdc43 wp-block-group-is-layout-constrained\">\n<div class=\"nfd-p-4 wp-block-group has-header-foreground-color has-base-background-color has-text-color has-background is-layout-constrained wp-block-group-is-layout-constrained\">\n<div class=\"nfd-p-md nfd-py-lg wp-block-group is-layout-constrained wp-container-core-group-is-layout-c5bbea69 wp-block-group-is-layout-constrained\" style=\"border-style:none;border-width:0px\">\n<div class=\"wp-block-group is-layout-constrained wp-block-group-is-layout-constrained\">\n<div class=\"wp-block-group is-layout-flow wp-container-core-group-is-layout-4002ca1b wp-block-group-is-layout-flow\">\n<div class=\"wp-block-stackable-heading stk-block-heading stk-block-heading--v2 stk-block stk-1ca3b1c\" id=\"strong-arboles-ciudadanos-strong\" data-block-id=\"1ca3b1c\"><style>.stk-1ca3b1c {border-style:solid !important;border-top-width:5px !important;border-right-width:5px !important;border-bottom-width:5px !important;border-left-width:5px !important;padding-top:var(--stk--preset--spacing--30, 0.67rem) !important;padding-right:var(--stk--preset--spacing--30, 0.67rem) !important;padding-bottom:var(--stk--preset--spacing--30, 0.67rem) !important;padding-left:var(--stk--preset--spacing--30, 0.67rem) !important;}.stk-1ca3b1c .stk-block-heading__text{font-size:var(--stk--preset--font-size--x-large, 50px) !important;}@media screen and (max-width:999px){.stk-1ca3b1c .stk-block-heading__text{font-size:var(--stk--preset--font-size--x-large, 50px) !important;}}@media screen and (max-width:689px){.stk-1ca3b1c .stk-block-heading__text{font-size:var(--stk--preset--font-size--medium, 20px) !important;}}<\/style><h2 class=\"stk-block-heading__text\"><strong>\u00c1RBOLES CIUDADANOS<\/strong><\/h2><\/div>\n<\/div>\n<\/div>\n<\/div>\n<\/div>\n<\/div>\n<\/div><\/div>\n\n\n\n<div class=\"wp-block-stackable-columns stk-block-columns stk-block stk-9c13c70\" data-block-id=\"9c13c70\"><style>.stk-9c13c70 .stk--block-align-9c13c70{align-items:flex-start !important;}.stk-9c13c70-column{max-width:750px !important;min-width:auto !important;--stk-column-gap:var(--stk--preset--spacing--none, 0px) !important;}.stk-9c13c70 {top:-100px !important;}<\/style><div class=\"stk-row stk-inner-blocks stk--block-align-9c13c70 stk-block-content stk-content-align stk-9c13c70-column\">\n<div class=\"wp-block-stackable-column stk-block-column stk-column stk-block stk-b5b9912\" data-v=\"4\" data-block-id=\"b5b9912\"><style>.stk-b5b9912-container{margin-top:var(--stk--preset--spacing--none, 0px) !important;margin-right:var(--stk--preset--spacing--none, 0px) !important;margin-bottom:var(--stk--preset--spacing--none, 0px) !important;margin-left:var(--stk--preset--spacing--none, 0px) !important;}<\/style><div class=\"stk-column-wrapper stk-block-column__content stk-container stk-b5b9912-container stk--no-background stk--no-padding\"><div class=\"stk-block-content stk-inner-blocks stk-b5b9912-inner-blocks\">\n<p class=\"has-palette-color-4-color has-palette-color-8-background-color has-text-color has-background has-link-color has-medium-font-size wp-elements-3be90abd19818cb413208095cdd59fd2\">Buscamos reposicionar a los \u00e1rboles urbanos como elementos clave para la vida y la salud en nuestra ciudad; no son objetos inanimados que estorban o adornan. Trabajamos con ciudadanos y organizaciones afines, para fomentar una sociedad que los proteja y que valore los servicios ambientales que nos otorgan.<\/p>\n<\/div><\/div><\/div>\n<\/div><\/div>\n\n\n\n<div class=\"wp-block-stackable-columns stk-block-columns stk-block stk-f620e23\" data-block-id=\"f620e23\"><div class=\"stk-row stk-inner-blocks stk-block-content stk-content-align stk-f620e23-column\">\n<div class=\"wp-block-stackable-column stk-block-column stk-column stk-block stk-4ce9f34\" data-v=\"4\" data-block-id=\"4ce9f34\"><style>.stk-4ce9f34 {align-self:stretch !important;align-items:center !important;display:flex !important;}@media screen and (min-width:690px){.stk-4ce9f34 {flex:var(--stk-flex-grow, 1) 1 calc(42.099999999999994% - var(--stk-column-gap, 0px) * 1 \/ 2 ) !important;}}<\/style><div class=\"stk-column-wrapper stk-block-column__content stk-container stk-4ce9f34-container stk--no-background stk--no-padding\"><div class=\"stk-block-content stk-inner-blocks stk-4ce9f34-inner-blocks\">\n<div class=\"wp-block-stackable-heading stk-block-heading stk-block-heading--v2 stk-block stk-6aa866e\" id=\"span-style-color-var-theme-palette-color-7-fdfdfd-class-stk-highlight-ser-arbol-y-vivir-en-la-ciudad-span\" data-block-id=\"6aa866e\"><style>.stk-6aa866e .stk-block-heading__text{color:var(--theme-palette-color-6, #f9fafb) !important;}<\/style><h2 class=\"stk-block-heading__text has-text-color\"><span style=\"color: var(--theme-palette-color-7, #FDFDFD);\" class=\"stk-highlight\">Ser \u00e1rbol y vivir en la ciudad <\/span><\/h2><\/div>\n\n\n\n<div class=\"wp-block-stackable-text stk-block-text stk-block stk-830cf04\" data-block-id=\"830cf04\"><style>.stk-830cf04 {align-items:flex-start !important;display:flex !important;}.stk-830cf04 .stk-block-text__text{font-size:var(--stk--preset--font-size--medium, 20px) !important;color:var(--theme-palette-color-5, #edeff2) !important;}@media screen and (max-width:999px){.stk-830cf04 .stk-block-text__text{font-size:var(--stk--preset--font-size--medium, 20px) !important;}}<\/style><p class=\"stk-block-text__text has-text-color has-text-align-left has-text-align-left-mobile\">En una realidad de crisis clim\u00e1tica, los \u00e1rboles urbanos tambi\u00e9n padecen sus efectos: islas de calor, alteraciones en los patrones de lluvia, sobrepodas y enfermedades afectan su salud, estructura y longevidad. A pesar de eso continuan haciendo sus labores nuestras banqueta.  Los \u00e1rboles tambi\u00e9n tienen necesidades b\u00e1sicas como espacio, luz, aire limpio y agua. <br>Necesitamos ciudades pensadas desde y para los \u00e1rboles. No se trata de buscar especies que no levanten banquetas, sino de dise\u00f1arles espacios adecuados: cajetes amplios, suelo no compactado y un planificaci\u00f3n urbana que los reconozca como usuarios de la ciudad. <\/p><\/div>\n<\/div><\/div><\/div>\n\n\n\n<div class=\"wp-block-stackable-column stk-block-column stk-column stk-block stk-026094f\" data-v=\"4\" data-block-id=\"026094f\"><style>@media screen and (min-width:690px){.stk-026094f {flex:var(--stk-flex-grow, 1) 1 calc(57.9% - var(--stk-column-gap, 0px) * 1 \/ 2 ) !important;}}<\/style><div class=\"stk-column-wrapper stk-block-column__content stk-container stk-026094f-container stk--no-background stk--no-padding\"><div class=\"stk-block-content stk-inner-blocks stk-026094f-inner-blocks\">\n<div class=\"wp-block-stackable-carousel stk-block-carousel stk--is-slide stk--arrows-justify-space-between stk--arrows-align-center stk-block stk-72c32ef\" data-slides-to-show=\"\" data-block-id=\"72c32ef\"><style>.stk-72c32ef {min-height:var(--stk--preset--block-height--small, 8rem) !important;align-items:center !important;display:flex !important;}<\/style><div class=\"stk-block-carousel__content-wrapper\"><div class=\"stk-row stk-inner-blocks stk-block-content stk-block-carousel__slider-wrapper stk-content-align stk-72c32ef-column\"><div class=\"stk-block-carousel__slider\" role=\"list\" data-autoplay=\"4000\" data-label-slide-of=\"Slide %%d of %%d\">\n<div class=\"wp-block-stackable-column stk-block-column stk-column stk-block stk-ba956b8\" data-v=\"4\" data-block-id=\"ba956b8\"><style>.stk-ba956b8-inner-blocks{justify-content:center !important;}<\/style><div class=\"stk-column-wrapper stk-block-column__content stk-container stk-ba956b8-container stk--no-background stk--no-padding\"><div class=\"stk--column-flex stk-block-content stk-inner-blocks stk-ba956b8-inner-blocks\">\n<figure class=\"wp-block-video\"><video height=\"480\" style=\"aspect-ratio: 848 \/ 480;\" width=\"848\" controls src=\"https:\/\/cej.org.mx\/wp-content\/uploads\/2025\/07\/Video-de-WhatsApp-2025-07-17-a-las-15.00.12_0f331e18-1.mp4\"><\/video><\/figure>\n<\/div><\/div><\/div>\n\n\n\n<div class=\"wp-block-stackable-column stk-block-column stk-column stk-block stk-808624a\" data-v=\"4\" data-block-id=\"808624a\"><style>.stk-808624a-inner-blocks{justify-content:center !important;}<\/style><div class=\"stk-column-wrapper stk-block-column__content stk-container stk-808624a-container stk--no-background stk--no-padding\"><div class=\"stk--column-flex stk-block-content stk-inner-blocks stk-808624a-inner-blocks\">\n<div class=\"wp-block-stackable-image stk-block-image stk-block stk-ae36699\" data-block-id=\"ae36699\"><style>.stk-ae36699 .stk-img-wrapper{width:69% !important;}<\/style><figure><span class=\"stk-img-wrapper stk-image--shape-stretch\"><img loading=\"lazy\" decoding=\"async\" class=\"stk-img wp-image-1673\" src=\"https:\/\/cej.org.mx\/wp-content\/uploads\/2025\/07\/4532E7EB-C5FD-4774-992C-48D62A7DE757_1_105_c-1-1.jpeg\" width=\"768\" height=\"1024\" srcset=\"https:\/\/cej.org.mx\/webnueva\/wp-content\/uploads\/2025\/07\/4532E7EB-C5FD-4774-992C-48D62A7DE757_1_105_c-1-1.jpeg 768w, https:\/\/cej.org.mx\/webnueva\/wp-content\/uploads\/2025\/07\/4532E7EB-C5FD-4774-992C-48D62A7DE757_1_105_c-1-1-225x300.jpeg 225w\" sizes=\"auto, (max-width: 768px) 100vw, 768px\" \/><\/span><\/figure><\/div>\n<\/div><\/div><\/div>\n\n\n\n<div class=\"wp-block-stackable-column stk-block-column stk-column stk-block stk-df12473\" data-v=\"4\" data-block-id=\"df12473\"><style>@media screen and (max-width:689px){.stk-df12473 {align-self:center !important;}.stk-df12473-inner-blocks{align-items:center !important;justify-content:center !important;}}<\/style><div class=\"stk-column-wrapper stk-block-column__content stk-container stk-df12473-container stk--no-background stk--no-padding\"><div class=\"stk-block-content stk-inner-blocks stk-df12473-inner-blocks\">\n<div class=\"wp-block-stackable-image stk-block-image stk-block stk-3348dde\" data-block-id=\"3348dde\"><style>.stk-3348dde .stk-img-wrapper{width:69% !important;}<\/style><figure><span class=\"stk-img-wrapper stk-image--shape-stretch\"><img loading=\"lazy\" decoding=\"async\" class=\"stk-img wp-image-1674\" src=\"https:\/\/cej.org.mx\/wp-content\/uploads\/2025\/07\/E6E1BC6C-ECD8-4451-BD70-3AF62FB74AB9_1_105_c-1.jpeg\" width=\"768\" height=\"1024\" srcset=\"https:\/\/cej.org.mx\/webnueva\/wp-content\/uploads\/2025\/07\/E6E1BC6C-ECD8-4451-BD70-3AF62FB74AB9_1_105_c-1.jpeg 768w, https:\/\/cej.org.mx\/webnueva\/wp-content\/uploads\/2025\/07\/E6E1BC6C-ECD8-4451-BD70-3AF62FB74AB9_1_105_c-1-225x300.jpeg 225w\" sizes=\"auto, (max-width: 768px) 100vw, 768px\" \/><\/span><\/figure><\/div>\n<\/div><\/div><\/div>\n\n\n\n<div class=\"wp-block-stackable-column stk-block-column stk-column stk-block stk-09948d4\" data-v=\"4\" data-block-id=\"09948d4\"><style>.stk-09948d4 {align-self:center !important;}<\/style><div class=\"stk-column-wrapper stk-block-column__content stk-container stk-09948d4-container stk--no-background stk--no-padding\"><div class=\"stk-block-content stk-inner-blocks stk-09948d4-inner-blocks\">\n<div class=\"wp-block-stackable-image stk-block-image stk-block stk-2de35b7\" data-block-id=\"2de35b7\"><figure><span class=\"stk-img-wrapper stk-image--shape-stretch\"><img loading=\"lazy\" decoding=\"async\" class=\"stk-img wp-image-1731\" src=\"https:\/\/cej.org.mx\/wp-content\/uploads\/2025\/07\/Imagen-de-WhatsApp-2025-07-17-a-las-14.59.55_dd99b78f.jpg\" width=\"150\" height=\"300\"\/><\/span><\/figure><\/div>\n<\/div><\/div><\/div>\n<\/div><div class=\"stk-block-carousel__buttons\"><button class=\"stk-block-carousel__button stk-block-carousel__button__prev\" aria-label=\"Previous slide\"><svg aria-hidden=\"true\" focusable=\"false\" data-prefix=\"fas\" data-icon=\"chevron-left\" class=\"svg-inline--fa fa-chevron-left\" xmlns=\"http:\/\/www.w3.org\/2000\/svg\" viewBox=\"0 0 320 512\" width=\"32\" height=\"32\"><path d=\"M34.52 239.03L228.87 44.69c9.37-9.37 24.57-9.37 33.94 0l22.67 22.67c9.36 9.36 9.37 24.52.04 33.9L131.49 256l154.02 154.75c9.34 9.38 9.32 24.54-.04 33.9l-22.67 22.67c-9.37 9.37-24.57 9.37-33.94 0L34.52 272.97c-9.37-9.37-9.37-24.57 0-33.94z\"><\/path><\/svg><\/button><button class=\"stk-block-carousel__button stk-block-carousel__button__next\" aria-label=\"Next slide\"><svg aria-hidden=\"true\" focusable=\"false\" data-prefix=\"fas\" data-icon=\"chevron-right\" class=\"svg-inline--fa fa-chevron-right\" xmlns=\"http:\/\/www.w3.org\/2000\/svg\" viewBox=\"0 0 320 512\" width=\"32\" height=\"32\"><path d=\"M285.476 272.971L91.132 467.314c-9.373 9.373-24.569 9.373-33.941 0l-22.667-22.667c-9.357-9.357-9.375-24.522-.04-33.901L188.505 256 34.484 101.255c-9.335-9.379-9.317-24.544.04-33.901l22.667-22.667c9.373-9.373 24.569-9.373 33.941 0L285.475 239.03c9.373 9.372 9.373 24.568.001 33.941z\"><\/path><\/svg><\/button><\/div><\/div><div class=\"stk-block-carousel__dots\" role=\"list\" data-label=\"Slide %%d\"><\/div><\/div><\/div>\n<\/div><\/div><\/div>\n<\/div><\/div>\n\n\n\n<div class=\"nfd-my-0 wp-block-group alignfull has-palette-color-7-background-color has-background is-layout-constrained wp-block-group-is-layout-constrained\">\n<div class=\"wp-block-group is-layout-constrained wp-block-group-is-layout-constrained\">\n<div class=\"wp-block-stackable-columns stk-block-columns stk-block stk-4cc1d51\" data-block-id=\"4cc1d51\"><div class=\"stk-row stk-inner-blocks stk-block-content stk-content-align stk-4cc1d51-column\">\n<div class=\"wp-block-stackable-column stk-block-column stk-column stk-block stk-16b5e39\" data-v=\"4\" data-block-id=\"16b5e39\"><div class=\"stk-column-wrapper stk-block-column__content stk-container stk-16b5e39-container stk--no-background stk--no-padding\"><div class=\"stk-block-content stk-inner-blocks stk-16b5e39-inner-blocks\">\n<div class=\"wp-block-stackable-columns stk-block-columns stk-block stk-2a98d7c\" data-block-id=\"2a98d7c\"><div class=\"stk-row stk-inner-blocks stk-block-content stk-content-align stk-2a98d7c-column\">\n<div class=\"wp-block-stackable-column stk-block-column stk-column stk-block stk-a18375c\" data-v=\"4\" data-block-id=\"a18375c\"><div class=\"stk-column-wrapper stk-block-column__content stk-container stk-a18375c-container stk--no-background stk--no-padding\"><div class=\"stk-block-content stk-inner-blocks stk-a18375c-inner-blocks\">\n<div class=\"wp-block-stackable-heading stk-block-heading stk-block-heading--v2 stk-block stk-55a0db0\" id=\"mapeo-de-arboles-zmg\" data-block-id=\"55a0db0\"><h2 class=\"stk-block-heading__text\">Mapeo de \u00e1rboles ZMG<\/h2><\/div>\n\n\n\n<div class=\"wp-block-stackable-text stk-block-text stk-block stk-7eb4b53\" data-block-id=\"7eb4b53\"><style>.stk-7eb4b53 .stk-block-text__text{font-size:var(--stk--preset--font-size--medium, 20px) !important;}@media screen and (max-width:999px){.stk-7eb4b53 .stk-block-text__text{font-size:var(--stk--preset--font-size--medium, 20px) !important;}}<\/style><p class=\"stk-block-text__text\">En el AMG hemos notado patrones de desmoche y sobre poda que no cuidan de los \u00e1rboles. Estas pr\u00e1cticas no solo debilitan su estructura y aumentan el riesgo de ca\u00eddas, sino que reducen su capacidad de brindar sombra, intensificando el calor urbano y generando mayores costos de mantenimiento que pagamos con nuestros impuestos.<\/p><\/div>\n\n\n\n<p class=\"has-medium-font-size\">Desde el CEJ desarrollamos una herramienta de ciencia ciudadana para reportar, registrar, monitorear y dar seguimiento a los \u00e1rboles, que nos significan, los que tienen una historia y los que sobreviven a diversos retos urbanos.<\/p>\n\n\n\n<div class=\"wp-block-stackable-button-group stk-block-button-group stk-block stk-dabca88\" data-block-id=\"dabca88\"><div class=\"stk-row stk-inner-blocks stk-block-content stk-button-group\">\n<div class=\"wp-block-stackable-button stk-block-button stk-block stk-e15cfbd\" data-block-id=\"e15cfbd\"><style>.stk-e15cfbd , .stk-e15cfbd .stk-button{width:100% !important;}.stk-e15cfbd {flex:1 0 var(--stk-button-group-flex-wrap, 0) !important;}.stk-e15cfbd .stk-button__inner-text{font-size:var(--stk--preset--font-size--medium, 20px) !important;}@media screen and (max-width:999px){.stk-e15cfbd .stk-button__inner-text{font-size:var(--stk--preset--font-size--medium, 20px) !important;}}<\/style><a class=\"stk-link stk-button stk--hover-effect-darken\" href=\"https:\/\/mapeoarboleszmg-cej.ushahidi.io\/map\" target=\"_blank\" rel=\"noreferrer noopener\"><span class=\"stk-button__inner-text\">\u00danete aqu\u00ed<\/span><\/a><\/div>\n<\/div><\/div>\n<\/div><\/div><\/div>\n\n\n\n<div class=\"wp-block-stackable-column stk-block-column stk-column stk-block stk-bd8dd95\" data-v=\"4\" data-block-id=\"bd8dd95\"><style>.stk-bd8dd95 {align-self:center !important;}<\/style><div class=\"stk-column-wrapper stk-block-column__content stk-container stk-bd8dd95-container stk--no-background stk--no-padding\"><div class=\"stk-block-content stk-inner-blocks stk-bd8dd95-inner-blocks\">\n<div class=\"wp-block-stackable-image stk-block-image stk-block stk-e9b5c1b\" data-block-id=\"e9b5c1b\"><figure><span class=\"stk-img-wrapper stk-image--shape-stretch\"><img loading=\"lazy\" decoding=\"async\" class=\"stk-img wp-image-1677\" src=\"https:\/\/cej.org.mx\/wp-content\/uploads\/2025\/07\/Captura-de-Pantalla-2025-07-17-a-las-14.13.17.png\" width=\"890\" height=\"612\" srcset=\"https:\/\/cej.org.mx\/webnueva\/wp-content\/uploads\/2025\/07\/Captura-de-Pantalla-2025-07-17-a-las-14.13.17.png 890w, https:\/\/cej.org.mx\/webnueva\/wp-content\/uploads\/2025\/07\/Captura-de-Pantalla-2025-07-17-a-las-14.13.17-300x206.png 300w\" sizes=\"auto, (max-width: 890px) 100vw, 890px\" \/><\/span><\/figure><\/div>\n<\/div><\/div><\/div>\n<\/div><\/div>\n<\/div><\/div><\/div>\n<\/div><\/div>\n<\/div>\n<\/div>\n\n\n\n<div class=\"wp-block-stackable-columns stk-block-columns stk-block stk-8a3e4a7\" data-block-id=\"8a3e4a7\"><div class=\"stk-row stk-inner-blocks stk-block-content stk-content-align stk-8a3e4a7-column\">\n<div class=\"wp-block-stackable-column stk-block-column stk-column stk-block stk-f8054c0\" data-v=\"4\" data-block-id=\"f8054c0\"><div class=\"stk-column-wrapper stk-block-column__content stk-container stk-f8054c0-container stk--no-background stk--no-padding\"><div class=\"stk-block-content stk-inner-blocks stk-f8054c0-inner-blocks\">\n<div class=\"wp-block-stackable-heading stk-block-heading stk-block-heading--v2 stk-block stk-1d41485\" id=\"arboles-y-salud-fisica-y-mental\" data-block-id=\"1d41485\"><style>.stk-1d41485 {margin-top:var(--stk--preset--spacing--50, 1.5rem) !important;margin-bottom:0rem !important;margin-left:1rem !important;}.stk-1d41485 .stk-block-heading__text{color:var(--theme-palette-color-8, #ffffff) !important;}<\/style><h2 class=\"stk-block-heading__text has-text-color\">\u00c1rboles y Salud F\u00edsica y Mental<\/h2><\/div>\n\n\n\n<div class=\"wp-block-stackable-columns stk-block-columns stk-block stk-619a06d\" data-block-id=\"619a06d\"><div class=\"stk-row stk-inner-blocks stk-block-content stk-content-align stk-619a06d-column\">\n<div class=\"wp-block-stackable-column stk-block-column stk-column stk-block stk-7d72f67\" data-v=\"4\" data-block-id=\"7d72f67\"><style>.stk-7d72f67-container{min-height:var(--stk--preset--block-height--none, 0px) !important;}@media screen and (min-width:690px){.stk-7d72f67 {flex:var(--stk-flex-grow, 1) 1 calc(66.666% - var(--stk-column-gap, 0px) * 1 \/ 2 ) !important;}}<\/style><div class=\"stk-column-wrapper stk-block-column__content stk-container stk-7d72f67-container stk--no-background stk--no-padding\"><div class=\"stk-block-content stk-inner-blocks stk-7d72f67-inner-blocks\">\n<div class=\"wp-block-stackable-carousel stk-block-carousel stk--is-slide stk--arrows-justify-space-between stk--arrows-align-center stk-block stk-f92dd60\" data-slides-to-show=\"\" data-block-id=\"f92dd60\"><div class=\"stk-block-carousel__content-wrapper\"><div class=\"stk-row stk-inner-blocks stk-block-content stk-block-carousel__slider-wrapper stk-content-align stk-f92dd60-column\"><div class=\"stk-block-carousel__slider\" role=\"list\" data-autoplay=\"4000\" data-label-slide-of=\"Slide %%d of %%d\">\n<div class=\"wp-block-stackable-column stk-block-column stk-column stk-block stk-97011fa\" data-v=\"4\" data-block-id=\"97011fa\"><style>.stk-97011fa {align-items:center !important;display:flex !important;}<\/style><div class=\"stk-column-wrapper stk-block-column__content stk-container stk-97011fa-container stk--no-background stk--no-padding\"><div class=\"stk-block-content stk-inner-blocks stk-97011fa-inner-blocks\">\n<div class=\"wp-block-stackable-image stk-block-image stk-block stk-55db3f3\" data-block-id=\"55db3f3\"><style>.stk-55db3f3 .stk-img-wrapper{height:436px !important;}.stk-55db3f3 .stk-img-wrapper img{object-fit:contain !important;}<\/style><figure><span class=\"stk-img-wrapper stk-image--shape-stretch\"><img loading=\"lazy\" decoding=\"async\" class=\"stk-img wp-image-1715\" src=\"https:\/\/cej.org.mx\/wp-content\/uploads\/2025\/07\/Imagen-de-WhatsApp-2025-07-17-a-las-14.59.16_c02919cc-scaled.jpg\" width=\"2560\" height=\"1440\" srcset=\"https:\/\/cej.org.mx\/webnueva\/wp-content\/uploads\/2025\/07\/Imagen-de-WhatsApp-2025-07-17-a-las-14.59.16_c02919cc-scaled.jpg 2560w, https:\/\/cej.org.mx\/webnueva\/wp-content\/uploads\/2025\/07\/Imagen-de-WhatsApp-2025-07-17-a-las-14.59.16_c02919cc-300x169.jpg 300w, https:\/\/cej.org.mx\/webnueva\/wp-content\/uploads\/2025\/07\/Imagen-de-WhatsApp-2025-07-17-a-las-14.59.16_c02919cc-1024x576.jpg 1024w, https:\/\/cej.org.mx\/webnueva\/wp-content\/uploads\/2025\/07\/Imagen-de-WhatsApp-2025-07-17-a-las-14.59.16_c02919cc-768x432.jpg 768w, https:\/\/cej.org.mx\/webnueva\/wp-content\/uploads\/2025\/07\/Imagen-de-WhatsApp-2025-07-17-a-las-14.59.16_c02919cc-1536x864.jpg 1536w\" sizes=\"auto, (max-width: 2560px) 100vw, 2560px\" \/><\/span><\/figure><\/div>\n<\/div><\/div><\/div>\n\n\n\n<div class=\"wp-block-stackable-column stk-block-column stk-column stk-block stk-a91e629\" data-v=\"4\" data-block-id=\"a91e629\"><style>.stk-a91e629-inner-blocks{justify-content:center !important;}<\/style><div class=\"stk-column-wrapper stk-block-column__content stk-container stk-a91e629-container stk--no-background stk--no-padding\"><div class=\"stk--column-flex stk-block-content stk-inner-blocks stk-a91e629-inner-blocks\">\n<div class=\"wp-block-stackable-image stk-block-image stk-block stk-01f5452\" data-block-id=\"01f5452\"><style>.stk-01f5452 .stk-img-wrapper{width:100% !important;height:650px !important;}<\/style><figure><span class=\"stk-img-wrapper stk-image--shape-stretch\"><img loading=\"lazy\" decoding=\"async\" class=\"stk-img wp-image-1473\" src=\"https:\/\/cej.org.mx\/wp-content\/uploads\/2025\/07\/Imagen-de-WhatsApp-2025-06-16-a-las-18.25.57_7bbba087-1.jpg\" width=\"960\" height=\"1280\" srcset=\"https:\/\/cej.org.mx\/webnueva\/wp-content\/uploads\/2025\/07\/Imagen-de-WhatsApp-2025-06-16-a-las-18.25.57_7bbba087-1.jpg 960w, https:\/\/cej.org.mx\/webnueva\/wp-content\/uploads\/2025\/07\/Imagen-de-WhatsApp-2025-06-16-a-las-18.25.57_7bbba087-1-225x300.jpg 225w, https:\/\/cej.org.mx\/webnueva\/wp-content\/uploads\/2025\/07\/Imagen-de-WhatsApp-2025-06-16-a-las-18.25.57_7bbba087-1-768x1024.jpg 768w\" sizes=\"auto, (max-width: 960px) 100vw, 960px\" \/><\/span><\/figure><\/div>\n<\/div><\/div><\/div>\n\n\n\n<div class=\"wp-block-stackable-column stk-block-column stk-column stk-block stk-cc6eaff\" data-v=\"4\" data-block-id=\"cc6eaff\"><style>.stk-cc6eaff {align-self:center !important;}<\/style><div class=\"stk-column-wrapper stk-block-column__content stk-container stk-cc6eaff-container stk--no-background stk--no-padding\"><div class=\"stk-block-content stk-inner-blocks stk-cc6eaff-inner-blocks\">\n<div class=\"wp-block-stackable-image stk-block-image stk-block stk-ffcf35a\" data-block-id=\"ffcf35a\"><figure><span class=\"stk-img-wrapper stk-image--shape-stretch\"><img loading=\"lazy\" decoding=\"async\" class=\"stk-img wp-image-1719\" src=\"https:\/\/cej.org.mx\/wp-content\/uploads\/2025\/07\/Imagen-de-WhatsApp-2025-07-17-a-las-14.59.54_a83a532c-1-scaled.jpg\" width=\"2560\" height=\"1438\" srcset=\"https:\/\/cej.org.mx\/webnueva\/wp-content\/uploads\/2025\/07\/Imagen-de-WhatsApp-2025-07-17-a-las-14.59.54_a83a532c-1-scaled.jpg 2560w, https:\/\/cej.org.mx\/webnueva\/wp-content\/uploads\/2025\/07\/Imagen-de-WhatsApp-2025-07-17-a-las-14.59.54_a83a532c-1-300x168.jpg 300w, https:\/\/cej.org.mx\/webnueva\/wp-content\/uploads\/2025\/07\/Imagen-de-WhatsApp-2025-07-17-a-las-14.59.54_a83a532c-1-1024x575.jpg 1024w, https:\/\/cej.org.mx\/webnueva\/wp-content\/uploads\/2025\/07\/Imagen-de-WhatsApp-2025-07-17-a-las-14.59.54_a83a532c-1-768x431.jpg 768w, https:\/\/cej.org.mx\/webnueva\/wp-content\/uploads\/2025\/07\/Imagen-de-WhatsApp-2025-07-17-a-las-14.59.54_a83a532c-1-1536x863.jpg 1536w\" sizes=\"auto, (max-width: 2560px) 100vw, 2560px\" \/><\/span><\/figure><\/div>\n<\/div><\/div><\/div>\n<\/div><div class=\"stk-block-carousel__buttons\"><button class=\"stk-block-carousel__button stk-block-carousel__button__prev\" aria-label=\"Previous slide\"><svg aria-hidden=\"true\" focusable=\"false\" data-prefix=\"fas\" data-icon=\"chevron-left\" class=\"svg-inline--fa fa-chevron-left\" xmlns=\"http:\/\/www.w3.org\/2000\/svg\" viewBox=\"0 0 320 512\" width=\"32\" height=\"32\"><path d=\"M34.52 239.03L228.87 44.69c9.37-9.37 24.57-9.37 33.94 0l22.67 22.67c9.36 9.36 9.37 24.52.04 33.9L131.49 256l154.02 154.75c9.34 9.38 9.32 24.54-.04 33.9l-22.67 22.67c-9.37 9.37-24.57 9.37-33.94 0L34.52 272.97c-9.37-9.37-9.37-24.57 0-33.94z\"><\/path><\/svg><\/button><button class=\"stk-block-carousel__button stk-block-carousel__button__next\" aria-label=\"Next slide\"><svg aria-hidden=\"true\" focusable=\"false\" data-prefix=\"fas\" data-icon=\"chevron-right\" class=\"svg-inline--fa fa-chevron-right\" xmlns=\"http:\/\/www.w3.org\/2000\/svg\" viewBox=\"0 0 320 512\" width=\"32\" height=\"32\"><path d=\"M285.476 272.971L91.132 467.314c-9.373 9.373-24.569 9.373-33.941 0l-22.667-22.667c-9.357-9.357-9.375-24.522-.04-33.901L188.505 256 34.484 101.255c-9.335-9.379-9.317-24.544.04-33.901l22.667-22.667c9.373-9.373 24.569-9.373 33.941 0L285.475 239.03c9.373 9.372 9.373 24.568.001 33.941z\"><\/path><\/svg><\/button><\/div><\/div><div class=\"stk-block-carousel__dots\" role=\"list\" data-label=\"Slide %%d\"><\/div><\/div><\/div>\n<\/div><\/div><\/div>\n\n\n\n<div class=\"wp-block-stackable-column stk-block-column stk-column stk-block stk-992407f\" data-v=\"4\" data-block-id=\"992407f\"><style>.stk-992407f {align-items:center !important;display:flex !important;}@media screen and (min-width:690px){.stk-992407f {flex:var(--stk-flex-grow, 1) 1 calc(33.33400000000002% - var(--stk-column-gap, 0px) * 1 \/ 2 ) !important;}}<\/style><div class=\"stk-column-wrapper stk-block-column__content stk-container stk-992407f-container stk--no-background stk--no-padding\"><div class=\"stk-block-content stk-inner-blocks stk-992407f-inner-blocks\">\n<div class=\"wp-block-stackable-text stk-block-text stk-block stk-fe768c9\" data-block-id=\"fe768c9\"><style>.stk-fe768c9 .stk-block-text__text{font-size:var(--stk--preset--font-size--medium, 20px) !important;color:var(--theme-palette-color-6, #f9fafb) !important;}@media screen and (max-width:999px){.stk-fe768c9 .stk-block-text__text{font-size:var(--stk--preset--font-size--medium, 20px) !important;}}<\/style><p class=\"stk-block-text__text has-text-color has-text-align-justify\">Diversos estudios han demostrado que el valor intr\u00ednseco de los \u00e1rboles va m\u00e1s all\u00e1 de lo ecol\u00f3gico: est\u00e1 profundamente conectado con la salud f\u00edsica y mental de las personas. La exposici\u00f3n frecuente a \u00e1rboles y \u00e1reas verdes reduce el estr\u00e9s, la ansiedad y favorece el bienestar emocional. Incluso se ha comprobado que, en zonas con mayor densidad de \u00e1rboles, el uso de antidepresivos disminuye significativamente. Adem\u00e1s, los \u00e1rboles regulan la temperatura, incrementan la biodiversidad y reducen la sensaci\u00f3n t\u00e9rmica, creando entornos urbanos m\u00e1s habitables, amables y menos agresivos.<br>El estado de salud de los \u00e1rboles es un espejo vivo de lo que padecemos en las ciudades.<\/p><\/div>\n<\/div><\/div><\/div>\n<\/div><\/div>\n<\/div><\/div><\/div>\n<\/div><\/div>\n\n\n\n<div class=\"wp-block-group is-layout-constrained wp-block-group-is-layout-constrained\">\n<div class=\"wp-block-stackable-heading stk-block-heading stk-block-heading--v2 stk-block stk-8eb0ac8\" id=\"recursos\" data-block-id=\"8eb0ac8\"><style>.stk-8eb0ac8 {margin-bottom:14px !important;}.stk-8eb0ac8 .stk-block-heading__text{color:var(--theme-palette-color-6, #f9fafb) !important;}<\/style><h2 class=\"stk-block-heading__text has-text-color\">Recursos<\/h2><\/div>\n\n\n\n<div class=\"wp-block-stackable-columns stk-block-columns stk-block stk-8986fc1\" data-block-id=\"8986fc1\"><div class=\"stk-row stk-inner-blocks stk-block-content stk-content-align stk-8986fc1-column\">\n<div class=\"wp-block-stackable-column stk-block-column stk-column stk-block stk-b4cb8c8\" data-v=\"4\" data-block-id=\"b4cb8c8\"><div class=\"stk-column-wrapper stk-block-column__content stk-container stk-b4cb8c8-container stk--no-background stk--no-padding\"><div class=\"stk-block-content stk-inner-blocks stk-b4cb8c8-inner-blocks\">\n<div class=\"wp-block-group is-vertical is-content-justification-center is-layout-flex wp-container-core-group-is-layout-ce155fab wp-block-group-is-layout-flex\">\n<div class=\"wp-block-stackable-image stk-block-image stk-block stk-9f51993\" data-block-id=\"9f51993\"><style>.stk-9f51993 {margin-bottom:0px !important;}.stk-9f51993 .stk-img-wrapper{aspect-ratio:16\/9 !important;width:100% !important;height:auto !important;}@media screen and (max-width:999px){.stk-9f51993 .stk-img-wrapper{height:auto !important;}}@media screen and (max-width:689px){.stk-9f51993 .stk-img-wrapper{height:auto !important;}}<\/style><figure><span class=\"stk-img-wrapper stk-image--shape-stretch\"><img loading=\"lazy\" decoding=\"async\" class=\"stk-img wp-image-1525\" src=\"https:\/\/cej.org.mx\/wp-content\/uploads\/2025\/07\/Captura-de-pantalla-2025-07-06-123108.png\" width=\"1534\" height=\"744\" srcset=\"https:\/\/cej.org.mx\/webnueva\/wp-content\/uploads\/2025\/07\/Captura-de-pantalla-2025-07-06-123108.png 1534w, https:\/\/cej.org.mx\/webnueva\/wp-content\/uploads\/2025\/07\/Captura-de-pantalla-2025-07-06-123108-300x146.png 300w, https:\/\/cej.org.mx\/webnueva\/wp-content\/uploads\/2025\/07\/Captura-de-pantalla-2025-07-06-123108-1024x497.png 1024w, https:\/\/cej.org.mx\/webnueva\/wp-content\/uploads\/2025\/07\/Captura-de-pantalla-2025-07-06-123108-768x372.png 768w\" sizes=\"auto, (max-width: 1534px) 100vw, 1534px\" \/><\/span><\/figure><\/div>\n\n\n\n<hr class=\"is-style-wide wp-block-separator has-alpha-channel-opacity\"\/>\n\n\n\n<p class=\"has-medium-font-size\"><span style=\"color: var(--theme-palette-color-8, #ffffff);\" class=\"stk-highlight\"><a href=\"https:\/\/www.pnas.org\/doi\/full\/10.1073\/pnas.1807504116\">El espacio verde residencial en la infancia se asocia con menor riesgo de trastornos psiqui\u00e1tricos desde la adolescencia hasta la edad adulta.<\/a><\/span><\/p>\n<\/div>\n<\/div><\/div><\/div>\n\n\n\n<div class=\"wp-block-stackable-column stk-block-column stk-column stk-block stk-ee33e7c\" data-v=\"4\" data-block-id=\"ee33e7c\"><div class=\"stk-column-wrapper stk-block-column__content stk-container stk-ee33e7c-container stk--no-background stk--no-padding\"><div class=\"stk-block-content stk-inner-blocks stk-ee33e7c-inner-blocks\">\n<div class=\"wp-block-group is-vertical is-content-justification-center is-layout-flex wp-container-core-group-is-layout-ce155fab wp-block-group-is-layout-flex\">\n<div class=\"wp-block-stackable-image stk-block-image stk-block stk-a95e964\" data-block-id=\"a95e964\"><style>.stk-a95e964 {margin-bottom:0px !important;}.stk-a95e964 .stk-img-wrapper{aspect-ratio:16\/9 !important;width:100% !important;height:auto !important;}@media screen and (max-width:999px){.stk-a95e964 .stk-img-wrapper{height:auto !important;}}@media screen and (max-width:689px){.stk-a95e964 .stk-img-wrapper{height:auto !important;}}<\/style><figure><span class=\"stk-img-wrapper stk-image--shape-stretch\"><img loading=\"lazy\" decoding=\"async\" class=\"stk-img wp-image-1526\" src=\"https:\/\/cej.org.mx\/wp-content\/uploads\/2025\/07\/Captura-de-pantalla-2025-07-06-124000.png\" width=\"967\" height=\"507\" srcset=\"https:\/\/cej.org.mx\/webnueva\/wp-content\/uploads\/2025\/07\/Captura-de-pantalla-2025-07-06-124000.png 967w, https:\/\/cej.org.mx\/webnueva\/wp-content\/uploads\/2025\/07\/Captura-de-pantalla-2025-07-06-124000-300x157.png 300w, https:\/\/cej.org.mx\/webnueva\/wp-content\/uploads\/2025\/07\/Captura-de-pantalla-2025-07-06-124000-768x403.png 768w\" sizes=\"auto, (max-width: 967px) 100vw, 967px\" \/><\/span><\/figure><\/div>\n\n\n\n<hr class=\"is-style-wide wp-block-separator has-alpha-channel-opacity\"\/>\n\n\n\n<p class=\"has-medium-font-size\"><span style=\"color: var(--theme-palette-color-8, #ffffff);\" class=\"stk-highlight\"><a href=\"https:\/\/www.sciencedirect.com\/science\/article\/pii\/S0169204621001481?utm_source=.com\" target=\"_blank\" rel=\"noreferrer noopener\">\u00bfC\u00f3mo se relacionan las dimensiones sensoriales percibidas de los espacios verdes urbanos con la restauraci\u00f3n, el estr\u00e9s y la salud mental percibidos por los adolescentes?<\/a><\/span><\/p>\n<\/div>\n<\/div><\/div><\/div>\n<\/div><\/div>\n<\/div>\n\n\n\n<div class=\"wp-block-stackable-columns stk-block-columns stk-block stk-b6374b4\" data-block-id=\"b6374b4\"><div class=\"stk-row stk-inner-blocks stk-block-content stk-content-align stk-b6374b4-column\">\n<div class=\"wp-block-stackable-column stk-block-column stk-column stk-block stk-58ba40c\" data-v=\"4\" data-block-id=\"58ba40c\"><div class=\"stk-column-wrapper stk-block-column__content stk-container stk-58ba40c-container stk--no-background stk--no-padding\"><div class=\"stk-block-content stk-inner-blocks stk-58ba40c-inner-blocks\">\n<div class=\"wp-block-group is-vertical is-content-justification-center is-layout-flex wp-container-core-group-is-layout-ce155fab wp-block-group-is-layout-flex\">\n<div class=\"wp-block-stackable-image stk-block-image stk-block stk-244ff59\" data-block-id=\"244ff59\"><style>.stk-244ff59 {margin-bottom:0px !important;}.stk-244ff59 .stk-img-wrapper{aspect-ratio:16\/9 !important;width:100% !important;height:auto !important;}@media screen and (max-width:999px){.stk-244ff59 .stk-img-wrapper{height:auto !important;}}@media screen and (max-width:689px){.stk-244ff59 .stk-img-wrapper{height:auto !important;}}<\/style><figure><span class=\"stk-img-wrapper stk-image--shape-stretch\"><img loading=\"lazy\" decoding=\"async\" class=\"stk-img wp-image-1528\" src=\"https:\/\/cej.org.mx\/wp-content\/uploads\/2025\/07\/fpsyg-12-712065-g0004.jpg\" width=\"708\" height=\"398\" srcset=\"https:\/\/cej.org.mx\/webnueva\/wp-content\/uploads\/2025\/07\/fpsyg-12-712065-g0004.jpg 708w, https:\/\/cej.org.mx\/webnueva\/wp-content\/uploads\/2025\/07\/fpsyg-12-712065-g0004-300x169.jpg 300w\" sizes=\"auto, (max-width: 708px) 100vw, 708px\" \/><\/span><\/figure><\/div>\n\n\n\n<hr class=\"is-style-wide wp-block-separator has-alpha-channel-opacity\"\/>\n\n\n\n<p class=\"has-medium-font-size\"><span style=\"color: var(--theme-palette-color-8, #ffffff);\" class=\"stk-highlight\"><a href=\"https:\/\/pmc.ncbi.nlm.nih.gov\/articles\/PMC8481593\/?utm_source=\" target=\"_blank\" rel=\"noreferrer noopener\">Adolescencia urbana: el papel de los espacios verdes del barrio en el bienestar mental<\/a><\/span><\/p>\n<\/div>\n<\/div><\/div><\/div>\n\n\n\n<div class=\"wp-block-stackable-column stk-block-column stk-column stk-block stk-8c74e17\" data-v=\"4\" data-block-id=\"8c74e17\"><div class=\"stk-column-wrapper stk-block-column__content stk-container stk-8c74e17-container stk--no-background stk--no-padding\"><div class=\"stk-block-content stk-inner-blocks stk-8c74e17-inner-blocks\">\n<div class=\"wp-block-group is-vertical is-content-justification-center is-layout-flex wp-container-core-group-is-layout-ce155fab wp-block-group-is-layout-flex\">\n<div class=\"wp-block-stackable-image stk-block-image stk-block stk-84d514b\" data-block-id=\"84d514b\"><style>.stk-84d514b {margin-bottom:0px !important;}.stk-84d514b .stk-img-wrapper{aspect-ratio:16\/9 !important;height:auto !important;}@media screen and (max-width:999px){.stk-84d514b .stk-img-wrapper{height:auto !important;}}@media screen and (max-width:689px){.stk-84d514b .stk-img-wrapper{height:auto !important;}}<\/style><figure><span class=\"stk-img-wrapper stk-image--shape-stretch\"><img loading=\"lazy\" decoding=\"async\" class=\"stk-img wp-image-1530\" src=\"https:\/\/cej.org.mx\/wp-content\/uploads\/2025\/07\/pexels-lina-2253911-1024x1279-1.jpg\" width=\"1024\" height=\"1279\" srcset=\"https:\/\/cej.org.mx\/webnueva\/wp-content\/uploads\/2025\/07\/pexels-lina-2253911-1024x1279-1.jpg 1024w, https:\/\/cej.org.mx\/webnueva\/wp-content\/uploads\/2025\/07\/pexels-lina-2253911-1024x1279-1-240x300.jpg 240w, https:\/\/cej.org.mx\/webnueva\/wp-content\/uploads\/2025\/07\/pexels-lina-2253911-1024x1279-1-820x1024.jpg 820w, https:\/\/cej.org.mx\/webnueva\/wp-content\/uploads\/2025\/07\/pexels-lina-2253911-1024x1279-1-768x959.jpg 768w\" sizes=\"auto, (max-width: 1024px) 100vw, 1024px\" \/><\/span><\/figure><\/div>\n\n\n\n<hr class=\"is-style-wide wp-block-separator has-alpha-channel-opacity\"\/>\n\n\n\n<p class=\"has-medium-font-size\"><span style=\"color: var(--theme-palette-color-8, #ffffff);\" class=\"stk-highlight\"><a href=\"https:\/\/www.sciencedirect.com\/science\/article\/pii\/S0169204621001481?utm_source=.com\" target=\"_blank\" rel=\"noreferrer noopener\"><\/a><a href=\"https:\/\/www.losarbolesmagicos.es\/2025\/02\/27\/beneficios-y-gestion-del-arbolado-urbano-para-la-salud-humana\/?utm_source=chatgpt.com\" target=\"_blank\" rel=\"noreferrer noopener\">Beneficios y Gesti\u00f3n del Arbolado Urbano para la Salud Humana: Un Enfoque Basado en Evidencia Cient\u00edfica<\/a><\/span><\/p>\n<\/div>\n<\/div><\/div><\/div>\n<\/div><\/div>\n\n\n\n<div class=\"wp-block-stackable-columns stk-block-columns stk-block stk-3f6e143\" data-block-id=\"3f6e143\"><div class=\"stk-row stk-inner-blocks stk-block-content stk-content-align stk-3f6e143-column\">\n<div class=\"wp-block-stackable-column stk-block-column stk-column stk-block stk-2a0b115\" data-v=\"4\" data-block-id=\"2a0b115\"><div class=\"stk-column-wrapper stk-block-column__content stk-container stk-2a0b115-container stk--no-background stk--no-padding\"><div class=\"stk-block-content stk-inner-blocks stk-2a0b115-inner-blocks\">\n<div class=\"wp-block-group is-vertical is-content-justification-center is-layout-flex wp-container-core-group-is-layout-ce155fab wp-block-group-is-layout-flex\">\n<div class=\"wp-block-stackable-image stk-block-image stk-block stk-179a5a0\" data-block-id=\"179a5a0\"><style>.stk-179a5a0 {margin-bottom:0px !important;}.stk-179a5a0 .stk-img-wrapper{aspect-ratio:16\/9 !important;width:100% !important;height:auto !important;}@media screen and (max-width:999px){.stk-179a5a0 .stk-img-wrapper{height:auto !important;}}@media screen and (max-width:689px){.stk-179a5a0 .stk-img-wrapper{height:auto !important;}}<\/style><figure><span class=\"stk-img-wrapper stk-image--shape-stretch\"><img loading=\"lazy\" decoding=\"async\" class=\"stk-img wp-image-1531\" src=\"https:\/\/cej.org.mx\/wp-content\/uploads\/2025\/07\/60105306d741d.jpeg\" width=\"990\" height=\"484\" srcset=\"https:\/\/cej.org.mx\/webnueva\/wp-content\/uploads\/2025\/07\/60105306d741d.jpeg 990w, https:\/\/cej.org.mx\/webnueva\/wp-content\/uploads\/2025\/07\/60105306d741d-300x147.jpeg 300w, https:\/\/cej.org.mx\/webnueva\/wp-content\/uploads\/2025\/07\/60105306d741d-768x375.jpeg 768w\" sizes=\"auto, (max-width: 990px) 100vw, 990px\" \/><\/span><\/figure><\/div>\n\n\n\n<hr class=\"is-style-wide wp-block-separator has-alpha-channel-opacity\"\/>\n\n\n\n<p class=\"has-medium-font-size\"><span style=\"color: var(--theme-palette-color-8, #ffffff);\" class=\"stk-highlight\"><a href=\"https:\/\/pmc.ncbi.nlm.nih.gov\/articles\/PMC8481593\/?utm_source=\" target=\"_blank\" rel=\"noreferrer noopener\"><\/a><a href=\"https:\/\/www.lavanguardia.com\/natural\/20210127\/6200386\/arboles-urbanos-ciudad-depresion-salud-mental-estudio.html\" target=\"_blank\" rel=\"noreferrer noopener\">Si hay \u00e1rboles cerca de tu casa tienes menos probabilidades de padecer depresi\u00f3n<\/a><\/span><\/p>\n<\/div>\n<\/div><\/div><\/div>\n\n\n\n<div class=\"wp-block-stackable-column stk-block-column stk-column stk-block stk-7682543\" data-v=\"4\" data-block-id=\"7682543\"><div class=\"stk-column-wrapper stk-block-column__content stk-container stk-7682543-container stk--no-background stk--no-padding\"><div class=\"stk-block-content stk-inner-blocks stk-7682543-inner-blocks\">\n<div class=\"wp-block-group is-vertical is-content-justification-center is-layout-flex wp-container-core-group-is-layout-ce155fab wp-block-group-is-layout-flex\">\n<div class=\"wp-block-stackable-image stk-block-image stk-block stk-7eb4be7\" data-block-id=\"7eb4be7\"><style>.stk-7eb4be7 {margin-bottom:0px !important;}.stk-7eb4be7 .stk-img-wrapper{aspect-ratio:16\/9 !important;height:auto !important;}@media screen and (max-width:999px){.stk-7eb4be7 .stk-img-wrapper{height:auto !important;}}@media screen and (max-width:689px){.stk-7eb4be7 .stk-img-wrapper{height:auto !important;}}<\/style><figure><span class=\"stk-img-wrapper stk-image--shape-stretch\"><img loading=\"lazy\" decoding=\"async\" class=\"stk-img wp-image-1532\" src=\"https:\/\/cej.org.mx\/wp-content\/uploads\/2025\/07\/tipasvallejo.jpg\" width=\"750\" height=\"563\" srcset=\"https:\/\/cej.org.mx\/webnueva\/wp-content\/uploads\/2025\/07\/tipasvallejo.jpg 750w, https:\/\/cej.org.mx\/webnueva\/wp-content\/uploads\/2025\/07\/tipasvallejo-300x225.jpg 300w\" sizes=\"auto, (max-width: 750px) 100vw, 750px\" \/><\/span><\/figure><\/div>\n\n\n\n<hr class=\"is-style-wide wp-block-separator has-alpha-channel-opacity\"\/>\n\n\n\n<p class=\"has-medium-font-size\"><span style=\"color: var(--theme-palette-color-8, #ffffff);\" class=\"stk-highlight\"><a href=\"https:\/\/reservaambientalparquecastilla.wordpress.com\/2015\/07\/04\/estudio-vivir-cerca-de-los-arboles-mejora-la-salud\/\" target=\"_blank\" rel=\"noreferrer noopener\">Estudio: Vivir cerca de los \u00e1rboles mejora la salud<\/a><\/span><\/p>\n<\/div>\n<\/div><\/div><\/div>\n<\/div><\/div>\n\n\n\n<p class=\"\"><\/p>\n","protected":false},"excerpt":{"rendered":"<p>Buscamos reposicionar a los \u00e1rboles urbanos como elementos clave para la vida y la salud en nuestra ciudad; no son objetos inanimados que estorban o adornan. Trabajamos con ciudadanos y organizaciones afines, para fomentar una sociedad que los proteja y que valore los servicios ambientales que nos otorgan. Ser \u00e1rbol y vivir en la ciudad [&hellip;]<\/p>\n","protected":false},"author":1,"featured_media":0,"parent":717,"menu_order":0,"comment_status":"closed","ping_status":"closed","template":"","meta":{"nf_dc_page":"","footnotes":""},"class_list":["post-1366","page","type-page","status-publish","hentry"],"blocksy_meta":[],"_links":{"self":[{"href":"https:\/\/cej.org.mx\/webnueva\/wp-json\/wp\/v2\/pages\/1366","targetHints":{"allow":["GET"]}}],"collection":[{"href":"https:\/\/cej.org.mx\/webnueva\/wp-json\/wp\/v2\/pages"}],"about":[{"href":"https:\/\/cej.org.mx\/webnueva\/wp-json\/wp\/v2\/types\/page"}],"author":[{"embeddable":true,"href":"https:\/\/cej.org.mx\/webnueva\/wp-json\/wp\/v2\/users\/1"}],"replies":[{"embeddable":true,"href":"https:\/\/cej.org.mx\/webnueva\/wp-json\/wp\/v2\/comments?post=1366"}],"version-history":[{"count":20,"href":"https:\/\/cej.org.mx\/webnueva\/wp-json\/wp\/v2\/pages\/1366\/revisions"}],"predecessor-version":[{"id":1951,"href":"https:\/\/cej.org.mx\/webnueva\/wp-json\/wp\/v2\/pages\/1366\/revisions\/1951"}],"up":[{"embeddable":true,"href":"https:\/\/cej.org.mx\/webnueva\/wp-json\/wp\/v2\/pages\/717"}],"wp:attachment":[{"href":"https:\/\/cej.org.mx\/webnueva\/wp-json\/wp\/v2\/media?parent=1366"}],"curies":[{"name":"wp","href":"https:\/\/api.w.org\/{rel}","templated":true}]}}